{"id":1826,"date":"2024-05-15T14:34:01","date_gmt":"2024-05-15T14:34:01","guid":{"rendered":"https:\/\/refoodlution.com\/?page_id=1826"},"modified":"2024-05-15T14:34:40","modified_gmt":"2024-05-15T14:34:40","slug":"avis-legal","status":"publish","type":"page","link":"https:\/\/refoodlution.com\/ca\/avis-legal\/","title":{"rendered":"Av\u00eds Legal"},"content":{"rendered":"<p><strong>AV\u00cdS LEGAL<\/strong><\/p>\n<p><strong>Titularitat i finalitat del Lloc Web<\/strong><\/p>\n<p>De conformitat amb el requerit per la <em>Llei 20\/2014, de 16 d&#039;octubre, reguladora de la contractaci\u00f3 electr\u00f2nica i dels operadors que desenvolupin la seva activitat econ\u00f2mica en un espai digital<\/em>, l&#039;informem que vost\u00e8 ha accedit a un lloc web (d&#039;ara endavant, \u201cel Lloc Web\u201d) quin nom de domini <a href=\"https:\/\/refoodlution.com\/ca\/\">https:\/\/refoodlution.com\/<\/a> \u00e9s de titularitat de la societat andorrana REFOODLUTION, SL (d&#039;ara endavant, \u201cl&#039;Empresa\u201d), degudament inscrita al Registre de Societats del MI Govern d&#039;Andorra amb n\u00famero de registre 17510, i amb n\u00famero de registre tributari L-712622-J. El seu domicili social \u00e9s a Residencial Aldosa Parc, Bloc 2, 3r pis, Aldosa, La Massana, AD400 (Principat d&#039;Andorra).<\/p>\n<p>La finalitat del Lloc Web \u00e9s informar sobre els productes i serveis, activitats i altres iniciatives de l&#039;Empresa (d&#039;ara endavant, conjuntament, les Iniciatives) i accedir a l&#039;Aplicatiu Web (d&#039;ara endavant, conjuntament, la plataforma)<\/p>\n<p>Per a qualsevol consulta o reclamaci\u00f3 en relaci\u00f3 amb el lloc web o la plataforma, l&#039;Empresa posa a la vostra disposici\u00f3 el correu electr\u00f2nic de contacte <a href=\"mailto:info@refoodlution.com\">info@refoodlution.com<\/a> i el n\u00famero de tel\u00e8fon de contacte +376 367 926.<\/p>\n<p><strong>Acceptaci\u00f3 dels Termes i Condicions d&#039;\u00fas del Lloc Web<\/strong><\/p>\n<p>L&#039;acc\u00e9s al lloc web comporta la plena acceptaci\u00f3, per part dels seus usuaris, d&#039;aquests termes i condicions d&#039;\u00fas, aix\u00ed com de la pol\u00edtica de privacitat i la pol\u00edtica de galetes, tot el qual tamb\u00e9 es troba a la seva disposici\u00f3 al lloc web (d&#039;ara endavant, conjuntament, els termes i condicions).<\/p>\n<p>Aix\u00ed mateix, els usuaris del lloc web s&#039;obliguen a fer un \u00fas diligent del mateix i dels continguts que s&#039;hi contenen, d&#039;acord amb l&#039;establert a la legislaci\u00f3 vigent, aix\u00ed com amb la bona fe i els bons costums, i sense contravenir la moral ni l&#039;ordre p\u00fablic.<\/p>\n<p>Per tant, entre altres, no est\u00e0 perm\u00e8s l&#039;acc\u00e9s o la utilitzaci\u00f3 del lloc web amb finalitats il\u00b7legals, pel qual, a t\u00edtol merament enunciatiu i no limitatiu, resta prohibit:<\/p>\n<ul>\n<li>Fer \u00fas del lloc web de manera que es puguin provocar danys, interrupcions, inefici\u00e8ncies o defectes en el seu funcionament;<\/li>\n<li>Fer \u00fas del Lloc Web per a la transmissi\u00f3, instal\u00b7laci\u00f3 o publicaci\u00f3 de qualsevol virus, malware o altres programes o arxius perjudicials;<\/li>\n<li>Fer \u00fas del lloc web per recollir, sense autoritzaci\u00f3, dades de car\u00e0cter personal d&#039;altres usuaris;<\/li>\n<li>Accedir sense autoritzaci\u00f3 a xarxes o sistemes de la informaci\u00f3 connectats al lloc web, mitjan\u00e7ant pirateig o falsificaci\u00f3, extracci\u00f3 de contrasenyes o qualsevol altre mitj\u00e0 il\u00b7leg\u00edtim;<\/li>\n<li>Trencar, o intentar trencar, les mesures de seguretat o d&#039;autenticaci\u00f3 del lloc web o de qualsevol xarxa o sistema de la informaci\u00f3 connectats a aquest, o les mesures de seguretat o protecci\u00f3 inherents als continguts del lloc web; o<\/li>\n<li>Dur a terme alguna acci\u00f3 que provoca una saturaci\u00f3 desproporcionada o innecess\u00e0ria a la infraestructura del lloc web oa les xarxes o sistemes de la informaci\u00f3 connectats al lloc web.<\/li>\n<\/ul>\n<p><strong>Reserva de la facultat de modificaci\u00f3 i actualitzaci\u00f3 dels termes i condicions d&#039;\u00fas del lloc web<\/strong><\/p>\n<p>L&#039;Empresa es reserva la facultat d&#039;efectuar, sense previ avis, en qualsevol moment i amb efectes immediats, les modificacions i actualitzacions peri\u00f2diques que consideri oportunes als Termes i Condicions. Per tant, l&#039;Empresa recomana als usuaris del Lloc Web que revisin els Termes i Condicions peri\u00f2dicament.<\/p>\n<p><strong>Drets i posicions jur\u00eddiques sobre els continguts que integrin el Lloc Web<\/strong><\/p>\n<ul>\n<li>Definici\u00f3 del terme \u201ccontinguts\u201d:<\/li>\n<\/ul>\n<p>A efectes dels termes i condicions, el terme continguts fa refer\u00e8ncia a tots els continguts que conformen el lloc web, entenent-se com a tals, a t\u00edtol merament enunciatiu i no limitatiu, el codi font, el disseny i l&#039;estructura de navegaci\u00f3 del lloc web, aix\u00ed com els signes distintius, els v\u00eddeos, les fotografies, les il\u00b7lustracions, els gr\u00e0fics, els textos, els textos.<\/p>\n<ul>\n<li>Drets i posicions jur\u00eddics sobre els continguts:<\/li>\n<\/ul>\n<p>Els continguts s\u00f3n objecte de drets de propietat intel\u00b7lectual, drets de propietat industrial, drets d&#039;imatge i\/o altres drets o posicions jur\u00eddiques d&#039;an\u00e0leg contingut econ\u00f2mic de titularitat de l&#039;empresa o de tercers que li han atorgat les pertinents llic\u00e8ncies o autoritzacions. Per tant, l&#039;acc\u00e9s al lloc web no atorga als usuaris cap titularitat ni dret d&#039;\u00fas sobre els continguts (mitjan\u00e7ant, entre d&#039;altres, la seva reproducci\u00f3, distribuci\u00f3, comunicaci\u00f3 p\u00fablica, posada a disposici\u00f3 o transformaci\u00f3), excepte que l&#039;empresa o els tercers titulars dels drets o posicions jur\u00eddices de qu\u00e8 es tracti els autoritzin per autoritzar-los b\u00e9 indicant-ho expressament al lloc.<\/p>\n<p>Per tant, l&#039;Empresa es reserva la facultat de fer \u00fas de marques d&#039;aigua, de dispositius tecnol\u00f2gics o d&#039;altres mitjans de seguretat que permetin el rastreig o seguiment en l\u00ednia dels usos no autoritzats dels continguts. I, en tot cas, l&#039;empresa es reserva la facultat d&#039;interposar les accions legals de l&#039;ordre civil o penal que corresponguin contra els usuaris del lloc web que infringeixin drets de propietat intel\u00b7lectual, drets de propietat industrial, drets d&#039;imatge o altres drets o posicions jur\u00eddics d&#039;an\u00e0leg contingut econ\u00f2mic que recaiguin sobre els continguts.<\/p>\n<p>En cas que qualsevol usuari consideri que algun dels continguts vulnera drets o posicions jur\u00eddics de tercers, ho haur\u00e0 de notificar immediatament a l&#039;Empresa pels mitjans de contacte o reclamaci\u00f3 indicats a l&#039;apartat \u201cTitularitat i finalitat del Lloc Web\u201d, per tal que aquesta societat pugui analitzar i valorar el sup\u00f2sit de qu\u00e8 es tracti.<\/p>\n<p><strong>Dret d&#039;exclusi\u00f3 del lloc web<\/strong><\/p>\n<p>l&#039;Empresa es reserva la facultat de denegar o suspendre, sense previ avis i de manera discrecional, en qualsevol moment i amb car\u00e0cter definitiu o temporal, l&#039;acc\u00e9s al lloc web als usuaris que incumpleixin els termes i condicions. Aquesta facultat \u00e9s sense perjudici de les eventuals accions legals de lordre civil o penal que la mateixa pugui iniciar en contra dels usuaris de qu\u00e8 es tracti.<\/p>\n<p><strong>\u00a0<\/strong><\/p>\n<p><strong>Responsabilitat<\/strong><\/p>\n<ol>\n<li>Responsabilitat dels usuaris<\/li>\n<\/ol>\n<p>Els usuaris seran els \u00fanics responsables de prendre totes les mesures adequades per protegir els dispositius i programes inform\u00e0tics associats mitjan\u00e7ant els quals accedin al Lloc Web de, entre altres, virus, codis maliciosos o altres programes o arxius perjudicials.<\/p>\n<p>Els usuaris seran els \u00fanics responsables de l&#039;\u00fas que aquests facin dels continguts que es facilitin mitjan\u00e7ant el lloc web.<\/p>\n<p>En cas que efectu\u00efn consultes o reclamacions a l&#039;Empresa pels mitjans que es preveuen a l&#039;apartat \u201cTitularitat i finalitat del Lloc Web\u201d, els usuaris respondran dels danys i perjudicis que ocasionin a l&#039;Empresa oa tercers per haver facilitat dades o informacions falses o inexactes.<\/p>\n<p>Els usuaris tamb\u00e9 seran responsables en tots aquells altres sup\u00f2sits en qu\u00e8 incumpleixin els Termes i Condicions, com ara, a t\u00edtol merament enunciatiu i no limitatiu, en els sup\u00f2sits indicats a lapartat \u201cAcceptaci\u00f3 dels Termes i Condicions d\u00fas del Lloc Web\u201d.<\/p>\n<ol start=\"2\">\n<li>Responsabilitat de l&#039;Empresa<\/li>\n<\/ol>\n<p>L&#039;Empresa no ser\u00e0 responsable dels danys i perjudicis ni d&#039;altres conseq\u00fc\u00e8ncies que es derivin de la utilitzaci\u00f3 que els usuaris facin del Lloc Web ni dels continguts que s&#039;hi contenen.<\/p>\n<p>L&#039;Empresa no ser\u00e0 responsable dels danys i perjudicis ni d&#039;altres conseq\u00fc\u00e8ncies que es derivin de la indisponibilitat del Lloc Web o dels seus continguts per motius t\u00e8cnics, de seguretat, de control, d&#039;actualitzacions o de manteniment, o per errades degudes a servidors oa tercers intermediaris o prove\u00efdors, com ara defici\u00e8ncies de l\u00ednies telef\u00f2niques.<\/p>\n<p>L&#039;Empresa no ser\u00e0 responsable dels danys i perjudicis causats als usuaris del lloc web per part de programes inform\u00e0tics maliciosos, d&#039;accions de ciberdelinq\u00fcents o d&#039;altres intromissions il\u00b7leg\u00edtimes de tercers.<\/p>\n<p>L&#039;Empresa no exerceix cap control sobre els serveis, els continguts i\/o altres elements a qu\u00e8 els usuaris del Lloc Web puguin accedir a trav\u00e9s dels dispositius t\u00e8cnics d&#039;enlla\u00e7os, directoris o altres mitjans als quals es pugui accedir mitjan\u00e7ant el Lloc Web (com ara Facebook, Instagram, Twitter, LinkedIn i similars). Per tant, l&#039;Empresa no ser\u00e0 responsable de la disponibilitat t\u00e8cnica, la qualitat o l&#039;exactitud, entre d&#039;altres, dels serveis, continguts i\/o altres elements als quals s&#039;hagi accedit, ni dels danys i perjudicis ni d&#039;altres conseq\u00fc\u00e8ncies que es produesquen com a resultat del seu \u00fas. En cap cas, l&#039;exist\u00e8ncia dels referits accessos pressuposa l&#039;exist\u00e8ncia d&#039;acords amb els titulars o responsables dels serveis, continguts o altres elements de qu\u00e8 es tracti, ni la recomanaci\u00f3, promoci\u00f3 o identificaci\u00f3 de l&#039;Empresa amb aquests.<\/p>\n<p>Els usuaris que decideixin visitar i\/o utilitzar qualsevol dels enlla\u00e7os de tercers, ho faran per compte i risc, i hauran de prendre les mesures de protecci\u00f3 oportunes.<\/p>\n<p>Sense perjudici de l&#039;anterior, en cas que qualsevol usuari consideri que mitjan\u00e7ant algun dels dispositius t\u00e8cnics d&#039;enlla\u00e7os, directoris u altres mitjans als quals es pugui accedir mitjan\u00e7ant el lloc web es vulnerin drets o posicions jur\u00eddics de tercers, ho haur\u00e0 de notificar immediatament a l&#039;empresa pels mitjans de contacte o reclamaci\u00f3 indicats a l&#039;apartat \u201cTitularitat i finalitat d&#039;aquest \u00e9s tracti.<\/p>\n<p>L&#039;Empresa pot, temporalment o definitivament, interrompre l&#039;acc\u00e9s al Lloc Web, en cas que aquesta no pugui o simplement no vulgueu seguir explotant-lo; en aquests casos, l&#039;acc\u00e9s dels usuaris es cancel\u00b7lar\u00e0 de manera immediata sense que els usuaris puguin requerir responsabilitats a l&#039;Empresa.<\/p>\n<p>Aix\u00ed mateix, l&#039;Empresa es reserva el dret, en qualsevol moment i sense previ avis als usuaris, de modificar qualsevol contingut del lloc web, o d&#039;actualitzar o corregir errors o inexactituds, sense que els usuaris puguin requerir-li responsabilitats.<\/p>\n<p>Sempre que no contradigui l&#039;establert per la legislaci\u00f3 vigent, en cas que, eventualment, l&#039;Empresa fos considerat responsable per danys i perjudicis cap a usuaris del Lloc Web, la responsabilitat de l&#039;Empresa es limitar\u00e0 als danys i perjudicis certs, reals i concrets.<\/p>\n<p>No obstant l&#039;anterior, l&#039;Empresa no es responsabilitzar\u00e0 en cap cas dels danys i perjudicis ni d&#039;altres conseq\u00fc\u00e8ncies que es derivin de l&#039;incompliment dels Termes i Condicions per part dels usuaris.<\/p>\n<p><strong>Enlla\u00e7os cap al Lloc Web<\/strong><\/p>\n<p>Qualsevol enlla\u00e7 de tercers cap al Lloc Web, no podr\u00e0 suposar un aprofitament deslleial dels continguts d&#039;aquest, tret que els tercers de qu\u00e8 es tracti hagin obtingut la pr\u00e8via autoritzaci\u00f3 per escrit de l&#039;Empresa.<\/p>\n<p>Aix\u00ed mateix, l&#039;Empresa prohibeix la creaci\u00f3 d&#039;enlla\u00e7os cap al Lloc Web des d&#039;altres llocs web amb continguts que siguin contraris a la llei, la bona fe, els bons costums, la moral o l&#039;ordre p\u00fablic.<\/p>\n<p><strong>Legislaci\u00f3 aplicable als Termes i Condicions, i jurisdicci\u00f3<\/strong><\/p>\n<p>Els Termes i Condicions es regiran per la legislaci\u00f3 andorrana.<\/p>\n<p>Els usuaris del Lloc Web es sotmeten a la jurisdicci\u00f3 andorrana, amb renuncia expressa a qualsevol altre fur que, conforme a Dret, els pogu\u00e9s correspondre.<\/p>\n<p>L&#039;anterior \u00e9s sense perjudici que, per ra\u00f3 de la condici\u00f3 de consumidor d&#039;un usuari, per imperatiu legal pugui ser aplicable una altra legislaci\u00f3 i\/o jurisdicci\u00f3.<\/p>\n<p><strong><em>\u00a0<\/em><\/strong><\/p>\n<p><strong><em>\u00daltima actualitzaci\u00f3: 14 de novembre de 2023<\/em><\/strong><\/p>","protected":false},"excerpt":{"rendered":"<p>AV\u00cdS LEGAL   Propietat i finalitat del lloc web   D'acord amb [\u2026]<\/p>","protected":false},"author":4,"featured_media":0,"parent":0,"menu_order":0,"comment_status":"closed","ping_status":"open","template":"","meta":{"_joinchat":[],"footnotes":""},"class_list":["post-1826","page","type-page","status-publish","hentry"],"yoast_head":"<!-- This site is optimized with the Yoast SEO plugin v25.7 - https:\/\/yoast.com\/wordpress\/plugins\/seo\/ -->\n<title>Aviso legal - Refoodlution<\/title>\n<meta name=\"robots\" content=\"index, follow, max-snippet:-1, max-image-preview:large, max-video-preview:-1\" \/>\n<link rel=\"canonical\" href=\"https:\/\/refoodlution.com\/ca\/avis-legal\/\" \/>\n<meta property=\"og:locale\" content=\"ca_ES\" \/>\n<meta property=\"og:type\" content=\"article\" \/>\n<meta property=\"og:title\" content=\"Aviso legal - Refoodlution\" \/>\n<meta property=\"og:description\" content=\"AV\u00cdS LEGAL Titularitat i finalitat del Lloc Web De conformitat [...]\" \/>\n<meta property=\"og:url\" content=\"https:\/\/refoodlution.com\/ca\/avis-legal\/\" \/>\n<meta property=\"og:site_name\" content=\"Refoodlution\" \/>\n<meta property=\"article:modified_time\" content=\"2024-05-15T14:34:40+00:00\" \/>\n<meta name=\"twitter:card\" content=\"summary_large_image\" \/>\n<meta name=\"twitter:label1\" content=\"Temps estimat de lectura\" \/>\n\t<meta name=\"twitter:data1\" content=\"10 minuts\" \/>\n<script type=\"application\/ld+json\" class=\"yoast-schema-graph\">{\"@context\":\"https:\/\/schema.org\",\"@graph\":[{\"@type\":\"WebPage\",\"@id\":\"https:\/\/refoodlution.com\/aviso-legal\/\",\"url\":\"https:\/\/refoodlution.com\/aviso-legal\/\",\"name\":\"Aviso legal - Refoodlution\",\"isPartOf\":{\"@id\":\"https:\/\/refoodlution.com\/en\/#website\"},\"datePublished\":\"2024-05-15T14:34:01+00:00\",\"dateModified\":\"2024-05-15T14:34:40+00:00\",\"breadcrumb\":{\"@id\":\"https:\/\/refoodlution.com\/aviso-legal\/#breadcrumb\"},\"inLanguage\":\"ca\",\"potentialAction\":[{\"@type\":\"ReadAction\",\"target\":[\"https:\/\/refoodlution.com\/aviso-legal\/\"]}]},{\"@type\":\"BreadcrumbList\",\"@id\":\"https:\/\/refoodlution.com\/aviso-legal\/#breadcrumb\",\"itemListElement\":[{\"@type\":\"ListItem\",\"position\":1,\"name\":\"Portada\",\"item\":\"https:\/\/refoodlution.com\/en\/\"},{\"@type\":\"ListItem\",\"position\":2,\"name\":\"Aviso legal\"}]},{\"@type\":\"WebSite\",\"@id\":\"https:\/\/refoodlution.com\/en\/#website\",\"url\":\"https:\/\/refoodlution.com\/en\/\",\"name\":\"Refoodlution\",\"description\":\"Carta Digital\",\"potentialAction\":[{\"@type\":\"SearchAction\",\"target\":{\"@type\":\"EntryPoint\",\"urlTemplate\":\"https:\/\/refoodlution.com\/en\/?s={search_term_string}\"},\"query-input\":{\"@type\":\"PropertyValueSpecification\",\"valueRequired\":true,\"valueName\":\"search_term_string\"}}],\"inLanguage\":\"ca\"}]}<\/script>\n<!-- \/ Yoast SEO plugin. -->","yoast_head_json":{"title":"Av\u00eds legal - Refoodlution","robots":{"index":"index","follow":"follow","max-snippet":"max-snippet:-1","max-image-preview":"max-image-preview:large","max-video-preview":"max-video-preview:-1"},"canonical":"https:\/\/refoodlution.com\/ca\/avis-legal\/","og_locale":"ca_ES","og_type":"article","og_title":"Aviso legal - Refoodlution","og_description":"AV\u00cdS LEGAL Titularitat i finalitat del Lloc Web De conformitat [...]","og_url":"https:\/\/refoodlution.com\/ca\/avis-legal\/","og_site_name":"Refoodlution","article_modified_time":"2024-05-15T14:34:40+00:00","twitter_card":"summary_large_image","twitter_misc":{"Temps estimat de lectura":"10 minuts"},"schema":{"@context":"https:\/\/schema.org","@graph":[{"@type":"WebPage","@id":"https:\/\/refoodlution.com\/aviso-legal\/","url":"https:\/\/refoodlution.com\/aviso-legal\/","name":"Av\u00eds legal - Refoodlution","isPartOf":{"@id":"https:\/\/refoodlution.com\/en\/#website"},"datePublished":"2024-05-15T14:34:01+00:00","dateModified":"2024-05-15T14:34:40+00:00","breadcrumb":{"@id":"https:\/\/refoodlution.com\/aviso-legal\/#breadcrumb"},"inLanguage":"ca","potentialAction":[{"@type":"ReadAction","target":["https:\/\/refoodlution.com\/aviso-legal\/"]}]},{"@type":"BreadcrumbList","@id":"https:\/\/refoodlution.com\/aviso-legal\/#breadcrumb","itemListElement":[{"@type":"ListItem","position":1,"name":"Portada","item":"https:\/\/refoodlution.com\/en\/"},{"@type":"ListItem","position":2,"name":"Aviso legal"}]},{"@type":"WebSite","@id":"https:\/\/refoodlution.com\/en\/#website","url":"https:\/\/refoodlution.com\/en\/","name":"Refoodlution","description":"Carta Digital","potentialAction":[{"@type":"SearchAction","target":{"@type":"EntryPoint","urlTemplate":"https:\/\/refoodlution.com\/en\/?s={search_term_string}"},"query-input":{"@type":"PropertyValueSpecification","valueRequired":true,"valueName":"search_term_string"}}],"inLanguage":"ca"}]}},"_links":{"self":[{"href":"https:\/\/refoodlution.com\/ca\/wp-json\/wp\/v2\/pages\/1826","targetHints":{"allow":["GET"]}}],"collection":[{"href":"https:\/\/refoodlution.com\/ca\/wp-json\/wp\/v2\/pages"}],"about":[{"href":"https:\/\/refoodlution.com\/ca\/wp-json\/wp\/v2\/types\/page"}],"author":[{"embeddable":true,"href":"https:\/\/refoodlution.com\/ca\/wp-json\/wp\/v2\/users\/4"}],"replies":[{"embeddable":true,"href":"https:\/\/refoodlution.com\/ca\/wp-json\/wp\/v2\/comments?post=1826"}],"version-history":[{"count":0,"href":"https:\/\/refoodlution.com\/ca\/wp-json\/wp\/v2\/pages\/1826\/revisions"}],"wp:attachment":[{"href":"https:\/\/refoodlution.com\/ca\/wp-json\/wp\/v2\/media?parent=1826"}],"curies":[{"name":"wp","href":"https:\/\/api.w.org\/{rel}","templated":true}]}}