{"id":1826,"date":"2024-05-15T14:34:01","date_gmt":"2024-05-15T14:34:01","guid":{"rendered":"https:\/\/refoodlution.com\/?page_id=1826"},"modified":"2024-05-15T14:34:40","modified_gmt":"2024-05-15T14:34:40","slug":"aviso-legal","status":"publish","type":"page","link":"https:\/\/refoodlution.com\/es_latam\/aviso-legal\/","title":{"rendered":"Aviso legal"},"content":{"rendered":"<p><strong>AV\u00cdS LEGAL<\/strong><\/p>\n<p><strong>Titularitat i finalitat del Lloc Web<\/strong><\/p>\n<p>De conformitat amb el requerit per la <em>Llei 20\/2014, del 16 d\u2019octubre, reguladora de la contractaci\u00f3 electr\u00f2nica i dels operadors que desenvolupen la seva activitat econ\u00f2mica en un espai digital<\/em>, l\u2019informem que vost\u00e8 ha accedit a un lloc web (d\u2019ara endavant, \u201cel Lloc Web\u201d) quin nom de domini <a href=\"https:\/\/refoodlution.com\/es_latam\/\">https:\/\/refoodlution.com\/<\/a> \u00e9s de titularitat de la societat andorrana REFOODLUTION, SL (d\u2019ara endavant, \u201cl\u2019Empresa\u201d), degudament inscrita al Registre de Societats del M.I. Govern d\u2019Andorra amb n\u00famero de registre 17510, i amb n\u00famero de registre tributari L-712622-J. El seu domicili social \u00e9s a Residencial Aldosa Parc, Bloc 2, 3r pis, Aldosa, La Massana, AD400 (Principat d\u2019Andorra).<\/p>\n<p>La finalitat del Lloc Web \u00e9s informar sobre els productes i serveis, les activitats i altres iniciatives de l\u2019Empresa (d\u2019ara endavant, conjuntament, \u201cles Iniciatives\u201d) i accedir a l\u2019Aplicatiu Web (d\u2019ara endavant, conjuntament, \u201cla plataforma\u201d)<\/p>\n<p>Per a qualsevol consulta o reclamaci\u00f3 en relaci\u00f3 amb el Lloc Web o la plataforma, l\u2019Empresa posa a la seva disposici\u00f3 el correu electr\u00f2nic de contacte <a href=\"mailto:info@refoodlution.com\">info@refoodlution.com<\/a> i el n\u00famero de tel\u00e8fon de contacte +376 367 926.<\/p>\n<p><strong>Acceptaci\u00f3 dels Termes i Condicions d\u2019\u00fas del Lloc Web<\/strong><\/p>\n<p>L\u2019acc\u00e9s al Lloc Web comporta la plena acceptaci\u00f3, per part dels seus usuaris, d\u2019aquests termes i condicions d\u2019\u00fas, aix\u00ed com de la pol\u00edtica de privacitat i la pol\u00edtica de \u201ccookies\u201d, tot el qual tamb\u00e9 es troba a la seva disposici\u00f3 al Lloc Web (d\u2019ara endavant, conjuntament, \u201cels Termes i Condicions\u201d).<\/p>\n<p>Aix\u00ed mateix, els usuaris del Lloc Web s\u2019obliguen a fer un \u00fas diligent del mateix i dels continguts que s\u2019hi contenen, d\u2019acord amb l\u2019establert a la legislaci\u00f3 vigent, aix\u00ed com amb la bona fe i els bons costums, i sense contravenir la moral ni l\u2019ordre p\u00fablic.<\/p>\n<p>Per tant, entre altres, no est\u00e0 perm\u00e8s l\u2019acc\u00e9s o la utilitzaci\u00f3 del Lloc Web amb finalitats il\u00b7legals, pel qual, a t\u00edtol merament enunciatiu i no limitatiu, resta prohibit:<\/p>\n<ul>\n<li>Fer \u00fas del Lloc Web de manera que es puguin provocar danys, interrupcions, inefici\u00e8ncies o defectes en el seu funcionament;<\/li>\n<li>Fer \u00fas del Lloc Web per a la transmissi\u00f3, instal\u00b7laci\u00f3 o publicaci\u00f3 de qualsevol virus, codi malici\u00f3s o altres programes o arxius perjudicials;<\/li>\n<li>Fer \u00fas del Lloc Web per recollir, sense autoritzaci\u00f3, dades de car\u00e0cter personal d\u2019altres usuaris;<\/li>\n<li>Accedir sense autoritzaci\u00f3 a xarxes o sistemes de la informaci\u00f3 connectats al Lloc Web, per mitj\u00e0 de pirateig o falsificaci\u00f3, extracci\u00f3 de contrasenyes o qualsevol altre mitj\u00e0 il\u00b7leg\u00edtim;<\/li>\n<li>Trencar, o intentar trencar, les mesures de seguretat o d\u2019autenticaci\u00f3 del Lloc Web o de qualsevol xarxa o sistema de la informaci\u00f3 connectats a aquest, o les mesures de seguretat o protecci\u00f3 inherents als continguts del Lloc Web; o<\/li>\n<li>Dur a terme alguna acci\u00f3 que provoca una saturaci\u00f3 desproporcionada o innecess\u00e0ria a la infraestructura del Lloc Web o a les xarxes o els sistemes de la informaci\u00f3 connectats al Lloc Web.<\/li>\n<\/ul>\n<p><strong>Reserva de la facultat de modificaci\u00f3 i actualitzaci\u00f3 dels Termes i Condicions d\u2019\u00fas del Lloc Web<\/strong><\/p>\n<p>L\u2019Empresa es reserva la facultat d\u2019efectuar, sense previ av\u00eds, en qualsevol moment i amb efectes immediats, les modificacions i actualitzacions peri\u00f2diques que consideri oportunes en els Termes i Condicions. Per tant, l\u2019Empresa recomana als usuaris del Lloc Web que revisin els Termes i Condicions peri\u00f2dicament.<\/p>\n<p><strong>Drets i posicions jur\u00eddiques sobre els continguts que integren el Lloc Web<\/strong><\/p>\n<ul>\n<li>Definici\u00f3 del terme \u201ccontinguts\u201d:<\/li>\n<\/ul>\n<p>A efectes dels Termes i Condicions, el terme \u201ccontinguts\u201d fa refer\u00e8ncia a tots els continguts que conformen el Lloc Web, entenent-se com tals, a t\u00edtol merament enunciatiu i no limitatiu, el codi font, el disseny i la estructura de navegaci\u00f3 del Lloc Web, aix\u00ed com els signes distintius, els v\u00eddeos, les fotografies, les il\u00b7lustracions, els gr\u00e0fics, els textos, les dades i altres informacions que s\u2019hi mostren.<\/p>\n<ul>\n<li>Drets i posicions jur\u00eddiques sobre els continguts:<\/li>\n<\/ul>\n<p>Els continguts s\u00f3n objecte de drets de propietat intel\u00b7lectual, drets de propietat industrial, drets d\u2019imatge i\/o altres drets o posiciones jur\u00eddiques d\u2019an\u00e0leg contingut econ\u00f2mic de titularitat de l\u2019Empresa o de tercers que li han atorgat les pertinents llic\u00e8ncies o autoritzacions. Per tant, l\u2019acc\u00e9s al Lloc Web no atorga als usuaris cap titularitat ni dret d\u2019\u00fas sobre els continguts (mitjan\u00e7ant, entre altres, la seva reproducci\u00f3, distribuci\u00f3, comunicaci\u00f3 p\u00fablica, posada a disposici\u00f3 o transformaci\u00f3), excepte que l\u2019Empresa o els tercers titulars dels drets o posicions jur\u00eddiques de qu\u00e8 es tracti els ho autoritzin b\u00e9 indicant-ho expressament al Lloc Web o mitjan\u00e7ant llic\u00e8ncies o autoritzacions pr\u00e8vies i per escrit a l\u2019efecte.<\/p>\n<p>Per tant, l\u2019Empresa es reserva la facultat de fer \u00fas de marques d\u2019aigua, de dispositius tecnol\u00f2gics o d\u2019altres mitjans de seguretat que permetin el rastreig o seguiment en l\u00ednia dels usos no autoritzats dels continguts. I, en tot cas, l\u2019Empresa es reserva la facultat d\u2019interposar les accions legals de l\u2019ordre civil o penal que corresponguin contra els usuaris del Lloc Web que infringeixin drets de propietat intel\u00b7lectual, drets de propietat industrial, drets d\u2019imatge o altres drets o posicions jur\u00eddiques d\u2019an\u00e0leg contingut econ\u00f2mic que recaiguin sobre els continguts.<\/p>\n<p>En cas que qualsevol usuari consideri que algun dels continguts vulnera drets o posicions jur\u00eddiques de tercers, ho haur\u00e0 de notificar immediatament a l\u2019Empresa pels mitjans de contacte o reclamaci\u00f3 indicats a l\u2019apartat \u201cTitularitat i finalitat del Lloc Web\u201d, per tal que aquesta societat pugui analitzar i valorar el sup\u00f2sit de qu\u00e8 es tracti.<\/p>\n<p><strong>Dret d\u2019exclusi\u00f3 del Lloc Web<\/strong><\/p>\n<p>l\u2019Empresa es reserva la facultat de denegar o suspendre, sense previ av\u00eds i de manera discrecional, en qualsevol moment i amb car\u00e0cter definitiu o temporal, l\u2019acc\u00e9s al Lloc Web als usuaris que incompleixin els Termes i Condicions. Aquesta facultat l\u2019Empresa \u00e9s sense perjudici de les eventuals accions legals de l\u2019ordre civil o penal que la mateixa pugui iniciar en contra dels usuaris de qu\u00e8 es tracti.<\/p>\n<p><strong>\u00a0<\/strong><\/p>\n<p><strong>Responsabilitat<\/strong><\/p>\n<ol>\n<li>Responsabilitat dels usuaris<\/li>\n<\/ol>\n<p>Els usuaris seran els \u00fanics responsables de prendre totes les mesures adequades per protegir els dispositius i programes inform\u00e0tics associats mitjan\u00e7ant els quals accedeixin al Lloc Web de, entre altres, virus, codis maliciosos o altres programes o arxius perjudicials.<\/p>\n<p>Els usuaris seran els \u00fanics responsables de l\u2019\u00fas que aquests facin dels continguts que es faciliten mitjan\u00e7ant el Lloc Web.<\/p>\n<p>En cas que efectu\u00efn consultes o reclamacions a l\u2019Empresa pels mitjans que es preveuen a l\u2019apartat \u201cTitularitat i finalitat del Lloc Web\u201d, els usuaris respondran dels danys i perjudicis que ocasionin a l\u2019Empresa o a tercers per haver facilitat dades o informacions falses o inexactes.<\/p>\n<p>Els usuaris tamb\u00e9 seran responsables en tots aquells altres sup\u00f2sits en que incompleixin els Termes i Condicions, com ara, a t\u00edtol merament enunciatiu i no limitatiu, en els sup\u00f2sits indicats a l\u2019apartat \u201cAcceptaci\u00f3 dels Termes i Condicions d\u2019\u00fas del Lloc Web\u201d.<\/p>\n<ol start=\"2\">\n<li>Responsabilitat de l\u2019Empresa<\/li>\n<\/ol>\n<p>L\u2019Empresa no ser\u00e0 responsable dels danys i perjudicis ni d\u2019altres conseq\u00fc\u00e8ncies que es derivin de la utilitzaci\u00f3 que els usuaris facin del Lloc Web ni dels continguts que s\u2019hi contenen.<\/p>\n<p>L\u2019Empresa no ser\u00e0 responsable dels danys i perjudicis ni d\u2019altres conseq\u00fc\u00e8ncies que es derivin de la indisponiblitat del Lloc Web o dels seus continguts per motius t\u00e8cnics, de seguretat, de control, d\u2019actualitzacions o de manteniment, o per errades degudes a servidors o a tercers intermediaris o prove\u00efdors, com ara defici\u00e8ncies de l\u00ednies telef\u00f2niques o sobrec\u00e0rregues a Internet.<\/p>\n<p>L\u2019Empresa no ser\u00e0 responsable dels danys i perjudicis causats als usuaris del Lloc Web per part de programes inform\u00e0tics maliciosos, d\u2019accions de ciberdelinq\u00fcents o d\u2019altres intromissions il\u00b7leg\u00edtimes de tercers.<\/p>\n<p>L\u2019Empresa no exerceix cap control sobre els serveis, els continguts i\/o altres elements als quals els usuaris del Lloc Web puguin accedir a trav\u00e9s dels dispositius t\u00e8cnics d\u2019enlla\u00e7os, directoris o altres mitjans als quals es pugui accedir mitjan\u00e7ant el Lloc Web (com ara Facebook, Instagram, Twitter, LinkedIn i similars). Per tant, l\u2019Empresa no ser\u00e0 responsable de la disponibilitat t\u00e8cnica, la qualitat o l\u2019exactitud, entre altres, dels serveis, continguts i\/o altres elements als quals s\u2019hagi accedit, ni dels danys i perjudicis ni d\u2019altres conseq\u00fc\u00e8ncies que es produeixin com a resultat del seu \u00fas. En cap cas, l\u2019exist\u00e8ncia dels referits accessos pressuposa l\u2019exist\u00e8ncia d\u2019acords amb els titulars o responsables dels serveis, continguts o altres elements de qu\u00e8 es tracti, ni la recomanaci\u00f3, promoci\u00f3 o identificaci\u00f3 de l\u2019Empresa amb aquests.<\/p>\n<p>Els usuaris que decideixin visitar i\/o utilitzar qualsevol dels enlla\u00e7os de tercers, ho faran pel seu compte i risc, i hauran de prendre les mesures de protecci\u00f3 oportunes.<\/p>\n<p>Sense perjudici de l\u2019anterior, en cas que qualsevol usuari consideri que mitjan\u00e7ant algun dels dispositius t\u00e8cnics d\u2019enlla\u00e7os, directoris o altres mitjans als quals es pugui accedir mitjan\u00e7ant el Lloc Web es vulneren drets o posicions jur\u00eddiques de tercers, ho haur\u00e0 de notificar immediatament a l\u2019Empresa pels mitjans de contacte o reclamaci\u00f3 indicats a l\u2019apartat \u201cTitularitat i finalitat d\u2019aquest lloc web\u201d, per tal que aquesta societat pugui analitzar i valorar el sup\u00f2sit de qu\u00e8 es tracti.<\/p>\n<p>L\u2019Empresa pot, temporal o definitivament, interrompre l\u2019acc\u00e9s al Lloc Web, en cas que aquesta no pugui o simplement no vulgui seguir explotant-lo; en aquests casos, l\u2019acc\u00e9s dels usuaris es cancel\u00b7lar\u00e0 de manera immediata sense que els usuaris puguin requerir responsabilitats a l\u2019Empresa.<\/p>\n<p>Aix\u00ed mateix, l\u2019Empresa es reserva el dret, en qualsevol moment i sense previ av\u00eds als usuaris, de modificar qualsevol contingut del Lloc Web, o d\u2019actualitzar o corregir errors o inexactituds, sense que els usuaris puguin requerir-li responsabilitats.<\/p>\n<p>Sempre i quan no contradigui l\u2019establert per la legislaci\u00f3 vigent, en cas que, eventualment, l\u2019Empresa fos considerat responsable per danys i perjudicis envers usuaris del Lloc Web, la responsabilitat de l\u2019Empresa es limitar\u00e0 als danys i perjudicis certs, reals i concrets.<\/p>\n<p>No obstant l\u2019anterior, l\u2019Empresa no es responsabilitzar\u00e0 en cap cas dels danys i perjudicis ni d\u2019altres conseq\u00fc\u00e8ncies que es derivin de l\u2019incompliment dels Termes i Condicions per part dels usuaris.<\/p>\n<p><strong>Enlla\u00e7os envers el Lloc Web<\/strong><\/p>\n<p>Qualsevol enlla\u00e7 de tercers envers el Lloc Web, no podr\u00e0 suposar un aprofitament deslleial dels continguts d\u2019aquest, llevat que els tercers de qu\u00e8 es tracti hagin obtingut la pr\u00e8via autoritzaci\u00f3 per escrit de l\u2019Empresa.<\/p>\n<p>Aix\u00ed mateix, l\u2019Empresa prohibeix la creaci\u00f3 d\u2019enlla\u00e7os envers el Lloc Web des d\u2019altres llocs web amb continguts que siguin contraris a la llei, la bona fe, els bons costums, la moral o l\u2019ordre p\u00fablic.<\/p>\n<p><strong>Legislaci\u00f3 aplicable als Termes i Condicions, i jurisdicci\u00f3<\/strong><\/p>\n<p>Els Termes i Condicions es regiran per la legislaci\u00f3 andorrana.<\/p>\n<p>Els usuaris del Lloc Web es sotmeten a la jurisdicci\u00f3 andorrana, amb ren\u00fancia expressa a qualsevol altre fur que, conforme a Dret, els pogu\u00e9s correspondre.<\/p>\n<p>L\u2019anterior \u00e9s sense perjudici que, per ra\u00f3 de la condici\u00f3 de consumidor d\u2019un usuari, per imperatiu legal pugui ser aplicable una altra legislaci\u00f3 i\/o jurisdicci\u00f3.<\/p>\n<p><strong><em>\u00a0<\/em><\/strong><\/p>\n<p><strong><em>Darrera actualitzaci\u00f3: 14 de novembre de 2023<\/em><\/strong><\/p>","protected":false},"excerpt":{"rendered":"<p>AV\u00cdS LEGAL Titularitat i finalitat del Lloc Web De conformitat  [&#8230;]<\/p>","protected":false},"author":4,"featured_media":0,"parent":0,"menu_order":0,"comment_status":"closed","ping_status":"open","template":"","meta":{"_joinchat":[],"footnotes":""},"class_list":["post-1826","page","type-page","status-publish","hentry"],"yoast_head":"<!-- This site is optimized with the Yoast SEO plugin v25.7 - https:\/\/yoast.com\/wordpress\/plugins\/seo\/ -->\n<title>Aviso legal - Refoodlution<\/title>\n<meta name=\"robots\" content=\"index, follow, max-snippet:-1, max-image-preview:large, max-video-preview:-1\" \/>\n<link rel=\"canonical\" href=\"https:\/\/refoodlution.com\/es_latam\/aviso-legal\/\" \/>\n<meta property=\"og:locale\" content=\"es_ES\" \/>\n<meta property=\"og:type\" content=\"article\" \/>\n<meta property=\"og:title\" content=\"Aviso legal - Refoodlution\" \/>\n<meta property=\"og:description\" content=\"AV\u00cdS LEGAL Titularitat i finalitat del Lloc Web De conformitat [...]\" \/>\n<meta property=\"og:url\" content=\"https:\/\/refoodlution.com\/es_latam\/aviso-legal\/\" \/>\n<meta property=\"og:site_name\" content=\"Refoodlution\" \/>\n<meta property=\"article:modified_time\" content=\"2024-05-15T14:34:40+00:00\" \/>\n<meta name=\"twitter:card\" content=\"summary_large_image\" \/>\n<meta name=\"twitter:label1\" content=\"Est. reading time\" \/>\n\t<meta name=\"twitter:data1\" content=\"10 minutos\" \/>\n<script type=\"application\/ld+json\" class=\"yoast-schema-graph\">{\"@context\":\"https:\/\/schema.org\",\"@graph\":[{\"@type\":\"WebPage\",\"@id\":\"https:\/\/refoodlution.com\/aviso-legal\/\",\"url\":\"https:\/\/refoodlution.com\/aviso-legal\/\",\"name\":\"Aviso legal - Refoodlution\",\"isPartOf\":{\"@id\":\"https:\/\/refoodlution.com\/en\/#website\"},\"datePublished\":\"2024-05-15T14:34:01+00:00\",\"dateModified\":\"2024-05-15T14:34:40+00:00\",\"breadcrumb\":{\"@id\":\"https:\/\/refoodlution.com\/aviso-legal\/#breadcrumb\"},\"inLanguage\":\"es-PE\",\"potentialAction\":[{\"@type\":\"ReadAction\",\"target\":[\"https:\/\/refoodlution.com\/aviso-legal\/\"]}]},{\"@type\":\"BreadcrumbList\",\"@id\":\"https:\/\/refoodlution.com\/aviso-legal\/#breadcrumb\",\"itemListElement\":[{\"@type\":\"ListItem\",\"position\":1,\"name\":\"Portada\",\"item\":\"https:\/\/refoodlution.com\/en\/\"},{\"@type\":\"ListItem\",\"position\":2,\"name\":\"Aviso legal\"}]},{\"@type\":\"WebSite\",\"@id\":\"https:\/\/refoodlution.com\/en\/#website\",\"url\":\"https:\/\/refoodlution.com\/en\/\",\"name\":\"Refoodlution\",\"description\":\"Carta Digital\",\"potentialAction\":[{\"@type\":\"SearchAction\",\"target\":{\"@type\":\"EntryPoint\",\"urlTemplate\":\"https:\/\/refoodlution.com\/en\/?s={search_term_string}\"},\"query-input\":{\"@type\":\"PropertyValueSpecification\",\"valueRequired\":true,\"valueName\":\"search_term_string\"}}],\"inLanguage\":\"es-PE\"}]}<\/script>\n<!-- \/ Yoast SEO plugin. -->","yoast_head_json":{"title":"Aviso legal - Refoodlution","robots":{"index":"index","follow":"follow","max-snippet":"max-snippet:-1","max-image-preview":"max-image-preview:large","max-video-preview":"max-video-preview:-1"},"canonical":"https:\/\/refoodlution.com\/es_latam\/aviso-legal\/","og_locale":"es_ES","og_type":"article","og_title":"Aviso legal - Refoodlution","og_description":"AV\u00cdS LEGAL Titularitat i finalitat del Lloc Web De conformitat [...]","og_url":"https:\/\/refoodlution.com\/es_latam\/aviso-legal\/","og_site_name":"Refoodlution","article_modified_time":"2024-05-15T14:34:40+00:00","twitter_card":"summary_large_image","twitter_misc":{"Est. reading time":"10 minutos"},"schema":{"@context":"https:\/\/schema.org","@graph":[{"@type":"WebPage","@id":"https:\/\/refoodlution.com\/aviso-legal\/","url":"https:\/\/refoodlution.com\/aviso-legal\/","name":"Aviso legal - Refoodlution","isPartOf":{"@id":"https:\/\/refoodlution.com\/en\/#website"},"datePublished":"2024-05-15T14:34:01+00:00","dateModified":"2024-05-15T14:34:40+00:00","breadcrumb":{"@id":"https:\/\/refoodlution.com\/aviso-legal\/#breadcrumb"},"inLanguage":"es-PE","potentialAction":[{"@type":"ReadAction","target":["https:\/\/refoodlution.com\/aviso-legal\/"]}]},{"@type":"BreadcrumbList","@id":"https:\/\/refoodlution.com\/aviso-legal\/#breadcrumb","itemListElement":[{"@type":"ListItem","position":1,"name":"Portada","item":"https:\/\/refoodlution.com\/en\/"},{"@type":"ListItem","position":2,"name":"Aviso legal"}]},{"@type":"WebSite","@id":"https:\/\/refoodlution.com\/en\/#website","url":"https:\/\/refoodlution.com\/en\/","name":"Refoodlution","description":"Carta Digital","potentialAction":[{"@type":"SearchAction","target":{"@type":"EntryPoint","urlTemplate":"https:\/\/refoodlution.com\/en\/?s={search_term_string}"},"query-input":{"@type":"PropertyValueSpecification","valueRequired":true,"valueName":"search_term_string"}}],"inLanguage":"es-PE"}]}},"_links":{"self":[{"href":"https:\/\/refoodlution.com\/es_latam\/wp-json\/wp\/v2\/pages\/1826","targetHints":{"allow":["GET"]}}],"collection":[{"href":"https:\/\/refoodlution.com\/es_latam\/wp-json\/wp\/v2\/pages"}],"about":[{"href":"https:\/\/refoodlution.com\/es_latam\/wp-json\/wp\/v2\/types\/page"}],"author":[{"embeddable":true,"href":"https:\/\/refoodlution.com\/es_latam\/wp-json\/wp\/v2\/users\/4"}],"replies":[{"embeddable":true,"href":"https:\/\/refoodlution.com\/es_latam\/wp-json\/wp\/v2\/comments?post=1826"}],"version-history":[{"count":0,"href":"https:\/\/refoodlution.com\/es_latam\/wp-json\/wp\/v2\/pages\/1826\/revisions"}],"wp:attachment":[{"href":"https:\/\/refoodlution.com\/es_latam\/wp-json\/wp\/v2\/media?parent=1826"}],"curies":[{"name":"wp","href":"https:\/\/api.w.org\/{rel}","templated":true}]}}